{"id":2529,"date":"2023-10-17T11:38:14","date_gmt":"2023-10-17T14:38:14","guid":{"rendered":"https:\/\/sti.crp.ufv.br\/?page_id=2529"},"modified":"2026-02-19T12:48:39","modified_gmt":"2026-02-19T15:48:39","slug":"transparencia","status":"publish","type":"page","link":"https:\/\/sti.crp.ufv.br\/?page_id=2529","title":{"rendered":"Transpar\u00eancia"},"content":{"rendered":"<p><strong><span style=\"color: #0000ff;\">PROGRAMA DE GEST\u00c3O E DESEMPENHO (PGD)\/UFV<\/span><\/strong><\/p>\n\n<table id=\"tablepress-1\" class=\"tablepress tablepress-id-1\">\n<thead>\n<tr class=\"row-1\">\n\t<th colspan=\"5\" class=\"column-1\"><center><strong>CARGA HOR\u00c1RIA DI\u00c1RIA<\/strong><\/center><\/th>\n<\/tr>\n<tr class=\"row-2\">\n\t<th class=\"column-1\"><strong>NOME DA UNIDADE:<\/strong><\/th><th class=\"column-2\"><center><strong>Servi\u00e7o de Tecnologia da Informa\u00e7\u00e3o -CRP<\/strong><\/center><\/th><td class=\"column-3\"><\/td><td class=\"column-4\"><\/td><td class=\"column-5\"><\/td>\n<\/tr>\n<tr class=\"row-3\">\n\t<th class=\"column-1\"><strong>NOME DO SERVIDOR<\/strong><\/th><th class=\"column-2\"><strong>PGD<\/strong><\/th><th class=\"column-3\"><strong>Hor\u00e1rio de Trabalho REMOTO<\/strong><\/th><th class=\"column-4\"><strong>Hor\u00e1rio de Trabalho PRESENCIAL<\/strong><\/th><th class=\"column-5\"><strong>Contato Institucional<\/strong><\/th>\n<\/tr>\n<\/thead>\n<tbody class=\"row-striping row-hover\">\n<tr class=\"row-4\">\n\t<td class=\"column-1\">H\u00c9LIO FERREIRA DA SILVA JUNIOR<\/td><td class=\"column-2\">N\u00c3O<\/td><td class=\"column-3\">\u2013<\/td><td class=\"column-4\">13 \u00e0s 17h<\/td><td class=\"column-5\">heliojr@ufv.br <a href=\"https:\/\/wa.me\/message\/ED67N3P7GB3XI1\" target=\"_blank\">Whatsapp<\/a><\/td>\n<\/tr>\n<tr class=\"row-5\">\n\t<td class=\"column-1\">JO\u00c3O BATISTA RIBEIRO<\/td><td class=\"column-2\">N\u00c3O<\/td><td class=\"column-3\">\u2013<\/td><td class=\"column-4\">08 \u00e0s 12 | 13 \u00e0s 17h<\/td><td class=\"column-5\">joao.b.ribeiro@ufv.br <a href=\"https:\/\/wa.me\/message\/ED67N3P7GB3XI1\" target=\"_blank\">Whatsapp<\/a><\/td>\n<\/tr>\n<tr class=\"row-6\">\n\t<td class=\"column-1\">VAGNER NUNES DE OLIVEIRA<\/td><td class=\"column-2\">N\u00c3O<\/td><td class=\"column-3\">\u2013<\/td><td class=\"column-4\">08 \u00e0s 12 | 13 \u00e0s 17h<\/td><td class=\"column-5\">vagner.oliveira@ufv.br <a href=\"https:\/\/wa.me\/message\/ED67N3P7GB3XI1\" target=\"_blank\">Whatsapp<\/a><\/td>\n<\/tr>\n<tr class=\"row-7\">\n\t<td class=\"column-1\">DIEGO QUEIROZ MELO<\/td><td class=\"column-2\">SIM<\/td><td class=\"column-3\">08 \u00e0s 12 | 13 \u00e0s 17h (quarta e quinta)<\/td><td class=\"column-4\">08 \u00e0s 12 | 13 \u00e0s 17h (segunda, ter\u00e7a e sexta)<\/td><td class=\"column-5\">diego.queiroz@ufv.br <a href=\"https:\/\/wa.me\/message\/ED67N3P7GB3XI1\" target=\"_blank\">Whatsapp<\/a><\/td>\n<\/tr>\n<tr class=\"row-8\">\n\t<td class=\"column-1\">DIEGO RESENDE DE SANTANA<\/td><td class=\"column-2\">SIM<\/td><td class=\"column-3\">15 \u00e0s 17h<\/td><td class=\"column-4\">08 \u00e0s 14h<\/td><td class=\"column-5\">diego.resende@ufv.br <a href=\"https:\/\/wa.me\/message\/ED67N3P7GB3XI1\" target=\"_blank\">Whatsapp<\/a><\/td>\n<\/tr>\n<tr class=\"row-9\">\n\t<td class=\"column-1\">GEANE WASHINGTON MIRANDA<\/td><td class=\"column-2\">SIM<\/td><td class=\"column-3\">15 \u00e0s 17h<\/td><td class=\"column-4\">08 \u00e0s 14h<\/td><td class=\"column-5\">geane.miranda@ufv.br <a href=\"https:\/\/wa.me\/message\/ED67N3P7GB3XI1\" target=\"_blank\">Whatsapp<\/a><\/td>\n<\/tr>\n<tr class=\"row-10\">\n\t<td class=\"column-1\">HEDER JOS\u00c9 ANDRADE<\/td><td class=\"column-2\">SIM<\/td><td class=\"column-3\">15 \u00e0s 17h<\/td><td class=\"column-4\">08 \u00e0s 14h<\/td><td class=\"column-5\">heder.andrade@ufv.br <a href=\"https:\/\/wa.me\/message\/ED67N3P7GB3XI1\" target=\"_blank\">Whatsapp<\/a><\/td>\n<\/tr>\n<tr class=\"row-11\">\n\t<td class=\"column-1\">VITOR AGUIAR DA SILVA<\/td><td class=\"column-2\">SIM<\/td><td class=\"column-3\">15 \u00e0s 17h<\/td><td class=\"column-4\">08 \u00e0s 14h<\/td><td class=\"column-5\">vitoraguiar@ufv.br <a href=\"https:\/\/wa.me\/message\/ED67N3P7GB3XI1\" target=\"_blank\">Whatsapp<\/a><\/td>\n<\/tr>\n<\/tbody>\n<\/table>\n<!-- #tablepress-1 from cache -->\n<p><span style=\"color: #0000ff;\"><strong>Aus\u00eancias futuras de servidores do setor<\/strong><\/span><\/p>\n<p><iframe loading=\"lazy\" style=\"border: 0;\" src=\"https:\/\/calendar.google.com\/calendar\/embed?src=c_fa9184e1c3bb2c3dd7ab5dbc9f0627012e1ded92d2c61187a4052be4429248a2%40group.calendar.google.com&amp;ctz=America%2FSao_Paulo\" width=\"800\" height=\"600\" frameborder=\"0\" scrolling=\"no\"><\/iframe><\/p>\n<p>&nbsp;<\/p>\n<p><span style=\"color: #0000ff;\"><strong>Comiss\u00f5es e Comit\u00eas integrados por membros do STI<\/strong><\/span><\/p>\n<ul>\n<li>Conselho Acad\u00eamico-Administrativo (COAD) &#8211; Campus Rio Parana\u00edba<\/li>\n<li>Subcomiss\u00e3o Permanente de Licita\u00e7\u00e3o &#8211; Campus Rio Parana\u00edba<\/li>\n<li>Subcomiss\u00e3o de Espa\u00e7o F\u00edsico &#8211; Campus Rio Parana\u00edba<\/li>\n<li>Comiss\u00e3o de Matr\u00edcula &#8211; Campus Rio Parana\u00edba<\/li>\n<li>Comit\u00ea de Governan\u00e7a de Dados e Seguran\u00e7a da Informa\u00e7\u00e3o<\/li>\n<li>Comiss\u00e3o Permanente do Ambiente Virtual de Avalia\u00e7\u00e3o (Moodle)<\/li>\n<li>Comit\u00ea Permanente de Governan\u00e7a de Dados<\/li>\n<\/ul>\n<p><span style=\"color: #0000ff;\"><strong>Contratos geridos pelo STI<\/strong><\/span><\/p>\n<p><img loading=\"lazy\" decoding=\"async\" class=\" wp-image-3177 aligncenter\" src=\"https:\/\/sti.crp.ufv.br\/wp-content\/uploads\/contratos-sti.png\" alt=\"\" width=\"1051\" height=\"457\" srcset=\"https:\/\/sti.crp.ufv.br\/wp-content\/uploads\/contratos-sti.png 1251w, https:\/\/sti.crp.ufv.br\/wp-content\/uploads\/contratos-sti-300x130.png 300w, https:\/\/sti.crp.ufv.br\/wp-content\/uploads\/contratos-sti-1024x445.png 1024w, https:\/\/sti.crp.ufv.br\/wp-content\/uploads\/contratos-sti-768x334.png 768w\" sizes=\"auto, (max-width: 1051px) 100vw, 1051px\" \/><\/p>\n<p>&nbsp;<\/p>\n<p><span style=\"color: #0000ff;\"><strong>\u00d3rg\u00e3os atendidos pelo STI<\/strong><\/span><\/p>\n<p><a href=\"https:\/\/www.ufv.br\/campus-rio-paranaiba\/\" target=\"_blank\" rel=\"noopener\">Campus Rio Parana\u00edba<\/a><\/p>\n<p><a href=\"https:\/\/www.dsa.ufv.br\/\" target=\"_blank\" rel=\"noopener\">Divis\u00e3o de Sa\u00fade \/ DSA &#8211; UFV<\/a><\/p>\n<p><a href=\"https:\/\/pcd.ufv.br\/psicossocial\/\" target=\"_blank\" rel=\"noopener\">Divis\u00e3o Psicossocial \/ DVP &#8211; UFV<\/a><\/p>\n<p><a href=\"https:\/\/coluni.ufv.br\/\" target=\"_blank\" rel=\"noopener\">Col\u00e9gio de Aplica\u00e7\u00e3o \/ COLUNI &#8211; UFV<\/a><\/p>\n<p><a href=\"https:\/\/upi.ufv.br\/\" target=\"_blank\" rel=\"noopener\">Unidade Interdisciplinar de Pol\u00edticas Inclusivas \/ UPI &#8211; UFV<\/a><\/p>\n<p>&nbsp;<\/p>\n<p><span style=\"color: #0000ff;\"><strong>Estat\u00edsticas de atendimentos realizados pelo STI<\/strong><\/span><\/p>\n<h4 style=\"text-align: center;\">\u00a0    <canvas \n        id=\"ct-chart_1\" \n        class=\"guaven_chart_canvas\"\n        style=\"width: Arraypx !important; height: px !important;\"\n    ><\/canvas>\n\n     <script type=\"text\/javascript\" class=\"gvn_charts_script\" async>\n     var ctx = jQuery(\"#ct-chart_1\");\n\n        var data = {\n    labels: [\"1\/2021\",\"2\/2021\",\"3\/2021\",\"4\/2021\",\"5\/2021\",\"6\/2021\",\"7\/2021\",\"8\/2021\",\"9\/2021\",\"10\/2021\",\"11\/2021\",\"12\/2021\",\"1\/2022\",\"2\/2022\",\"3\/2022\",\"4\/2022\",\"5\/2022\",\"6\/2022\",\"7\/2022\",\"8\/2022\",\"9\/2022\",\"10\/2022\",\"11\/2022\",\"12\/2022\",\"1\/2023\",\"2\/2023\",\"3\/2023\",\"4\/2023\",\"5\/2023\",\"6\/2023\",\"7\/2023\",\"8\/2023\",\"9\/2023\",\"10\/2023\",\"11\/2023\",\"12\/2023\",\"1\/2024\",\"2\/2024\",\"3\/2024\",\"4\/2024\",\"5\/2024\",\"6\/2024\",\"7\/2024\",\"8\/2024\",\"9\/2024\",\"10\/2024\",\"11\/2024\",\"12\/2024\",\"1\/2025\",\"2\/2025\",\"3\/2025\",\"4\/2025\",\"5\/2025\",\"6\/2025\",\"7\/2025\",\"8\/2025\",\"9\/2025\",\"10\/2025\",\"11\/2025\",\"12\/2025\",\"1\/2026\",\"2\/2026\",\"3\/2026\",\"4\/2026\"],\n    datasets: [\n            {\n                        label: \"Total de Atendimentos\",\n            backgroundColor: [\n                'rgba(176,8,166,0.8)',\n        'rgba(176,8,166,0.8)',\n        'rgba(176,8,166,0.8)',\n        'rgba(176,8,166,0.8)',\n        'rgba(176,8,166,0.8)',\n        'rgba(176,8,166,0.8)',\n        'rgba(176,8,166,0.8)',\n        'rgba(176,8,166,0.8)',\n        'rgba(176,8,166,0.8)',\n        'rgba(176,8,166,0.8)',\n        'rgba(176,8,166,0.8)',\n        'rgba(176,8,166,0.8)',\n        'rgba(176,8,166,0.8)',\n        'rgba(176,8,166,0.8)',\n        'rgba(176,8,166,0.8)',\n        'rgba(176,8,166,0.8)',\n        'rgba(176,8,166,0.8)',\n        'rgba(176,8,166,0.8)',\n        'rgba(176,8,166,0.8)',\n        'rgba(176,8,166,0.8)',\n        'rgba(176,8,166,0.8)',\n        'rgba(176,8,166,0.8)',\n        'rgba(176,8,166,0.8)',\n        'rgba(176,8,166,0.8)',\n        'rgba(176,8,166,0.8)',\n        'rgba(176,8,166,0.8)',\n        'rgba(176,8,166,0.8)',\n        'rgba(176,8,166,0.8)',\n        'rgba(176,8,166,0.8)',\n        'rgba(176,8,166,0.8)',\n        'rgba(176,8,166,0.8)',\n        'rgba(176,8,166,0.8)',\n        'rgba(176,8,166,0.8)',\n        'rgba(176,8,166,0.8)',\n        'rgba(176,8,166,0.8)',\n        'rgba(176,8,166,0.8)',\n        'rgba(176,8,166,0.8)',\n        'rgba(176,8,166,0.8)',\n        'rgba(176,8,166,0.8)',\n        'rgba(176,8,166,0.8)',\n        'rgba(176,8,166,0.8)',\n        'rgba(176,8,166,0.8)',\n        'rgba(176,8,166,0.8)',\n        'rgba(176,8,166,0.8)',\n        'rgba(176,8,166,0.8)',\n        'rgba(176,8,166,0.8)',\n        'rgba(176,8,166,0.8)',\n        'rgba(176,8,166,0.8)',\n        'rgba(176,8,166,0.8)',\n        'rgba(176,8,166,0.8)',\n        'rgba(176,8,166,0.8)',\n        'rgba(176,8,166,0.8)',\n        'rgba(176,8,166,0.8)',\n        'rgba(176,8,166,0.8)',\n        'rgba(176,8,166,0.8)',\n        'rgba(176,8,166,0.8)',\n        'rgba(176,8,166,0.8)',\n        'rgba(176,8,166,0.8)',\n        'rgba(176,8,166,0.8)',\n        'rgba(176,8,166,0.8)',\n        'rgba(176,8,166,0.8)',\n        'rgba(176,8,166,0.8)',\n        'rgba(176,8,166,0.8)',\n        'rgba(176,8,166,0.8)',\n                    ],\n            borderColor: [\n                'rgba(60,68,108,1)',\n        'rgba(60,68,108,1)',\n        'rgba(60,68,108,1)',\n        'rgba(60,68,108,1)',\n        'rgba(60,68,108,1)',\n        'rgba(60,68,108,1)',\n        'rgba(60,68,108,1)',\n        'rgba(60,68,108,1)',\n        'rgba(60,68,108,1)',\n        'rgba(60,68,108,1)',\n        'rgba(60,68,108,1)',\n        'rgba(60,68,108,1)',\n        'rgba(60,68,108,1)',\n        'rgba(60,68,108,1)',\n        'rgba(60,68,108,1)',\n        'rgba(60,68,108,1)',\n        'rgba(60,68,108,1)',\n        'rgba(60,68,108,1)',\n        'rgba(60,68,108,1)',\n        'rgba(60,68,108,1)',\n        'rgba(60,68,108,1)',\n        'rgba(60,68,108,1)',\n        'rgba(60,68,108,1)',\n        'rgba(60,68,108,1)',\n        'rgba(60,68,108,1)',\n        'rgba(60,68,108,1)',\n        'rgba(60,68,108,1)',\n        'rgba(60,68,108,1)',\n        'rgba(60,68,108,1)',\n        'rgba(60,68,108,1)',\n        'rgba(60,68,108,1)',\n        'rgba(60,68,108,1)',\n        'rgba(60,68,108,1)',\n        'rgba(60,68,108,1)',\n        'rgba(60,68,108,1)',\n        'rgba(60,68,108,1)',\n        'rgba(60,68,108,1)',\n        'rgba(60,68,108,1)',\n        'rgba(60,68,108,1)',\n        'rgba(60,68,108,1)',\n        'rgba(60,68,108,1)',\n        'rgba(60,68,108,1)',\n        'rgba(60,68,108,1)',\n        'rgba(60,68,108,1)',\n        'rgba(60,68,108,1)',\n        'rgba(60,68,108,1)',\n        'rgba(60,68,108,1)',\n        'rgba(60,68,108,1)',\n        'rgba(60,68,108,1)',\n        'rgba(60,68,108,1)',\n        'rgba(60,68,108,1)',\n        'rgba(60,68,108,1)',\n        'rgba(60,68,108,1)',\n        'rgba(60,68,108,1)',\n        'rgba(60,68,108,1)',\n        'rgba(60,68,108,1)',\n        'rgba(60,68,108,1)',\n        'rgba(60,68,108,1)',\n        'rgba(60,68,108,1)',\n        'rgba(60,68,108,1)',\n        'rgba(60,68,108,1)',\n        'rgba(60,68,108,1)',\n        'rgba(60,68,108,1)',\n        'rgba(60,68,108,1)',\n                    ],\n            borderWidth: 1,\n            data: [16,28,52,54,20,30,23,36,18,12,40,13,22,60,31,50,203,89,74,55,117,44,58,25,23,38,67,52,66,51,33,74,52,103,77,47,36,62,90,23,1,1,97,68,85,104,90,55,64,54,72,48,43,37,37,64,49,33,44,33,42,40,2,5],\n        },\n            ]\n};\nvar options={\n    responsive: true,\n    scales: {\n        xAxes: [{\n            stacked: true,            ticks: {\n                beginAtZero: false            }\n        }],\n        yAxes: [{\n            stacked: true,            ticks: {\n                                beginAtZero: false            }\n        }]\n    }\n    ,legend: {display: true,position:'bottom'}};\nvar myBarChart = new Chart(ctx, {\n    type: 'bar',\n    data: data,\n    options: options\n});\n        <\/script>\n\n    <\/h4>\n","protected":false},"excerpt":{"rendered":"<p>PROGRAMA DE GEST\u00c3O E DESEMPENHO (PGD)\/UFV Aus\u00eancias futuras de servidores do setor &nbsp; Comiss\u00f5es e Comit\u00eas integrados por membros do STI Conselho Acad\u00eamico-Administrativo (COAD) &#8211; Campus Rio Parana\u00edba Subcomiss\u00e3o Permanente de Licita\u00e7\u00e3o &#8211; Campus Rio Parana\u00edba Subcomiss\u00e3o de Espa\u00e7o F\u00edsico &#8211; Campus Rio Parana\u00edba Comiss\u00e3o de Matr\u00edcula &#8211; Campus Rio Parana\u00edba Comit\u00ea de Governan\u00e7a de [&hellip;]<\/p>\n","protected":false},"author":1,"featured_media":0,"parent":0,"menu_order":0,"comment_status":"closed","ping_status":"closed","template":"","meta":{"footnotes":""},"class_list":["post-2529","page","type-page","status-publish","hentry"],"_links":{"self":[{"href":"https:\/\/sti.crp.ufv.br\/index.php?rest_route=\/wp\/v2\/pages\/2529","targetHints":{"allow":["GET"]}}],"collection":[{"href":"https:\/\/sti.crp.ufv.br\/index.php?rest_route=\/wp\/v2\/pages"}],"about":[{"href":"https:\/\/sti.crp.ufv.br\/index.php?rest_route=\/wp\/v2\/types\/page"}],"author":[{"embeddable":true,"href":"https:\/\/sti.crp.ufv.br\/index.php?rest_route=\/wp\/v2\/users\/1"}],"replies":[{"embeddable":true,"href":"https:\/\/sti.crp.ufv.br\/index.php?rest_route=%2Fwp%2Fv2%2Fcomments&post=2529"}],"version-history":[{"count":82,"href":"https:\/\/sti.crp.ufv.br\/index.php?rest_route=\/wp\/v2\/pages\/2529\/revisions"}],"predecessor-version":[{"id":3207,"href":"https:\/\/sti.crp.ufv.br\/index.php?rest_route=\/wp\/v2\/pages\/2529\/revisions\/3207"}],"wp:attachment":[{"href":"https:\/\/sti.crp.ufv.br\/index.php?rest_route=%2Fwp%2Fv2%2Fmedia&parent=2529"}],"curies":[{"name":"wp","href":"https:\/\/api.w.org\/{rel}","templated":true}]}}